{"version":"1.0","provider_name":"Asocjacja Interwencji Sercowo-Naczyniowych","provider_url":"https:\/\/aisn.pl\/en","title":"Pro\u015bba o wsparcie - 1,5% podatku dla Konrada Nowaka - Asocjacja Interwencji Sercowo-Naczyniowych","type":"rich","width":600,"height":338,"html":"<blockquote class=\"wp-embedded-content\" data-secret=\"YRXgeRGXkO\"><a href=\"https:\/\/aisn.pl\/en\/aktualnosci\/prosba-o-wsparcie-15-podatku-dla-konrada-nowaka\/\">Pro\u015bba o wsparcie &#8211; 1,5% podatku dla Konrada Nowaka<\/a><\/blockquote><iframe sandbox=\"allow-scripts\" security=\"restricted\" src=\"https:\/\/aisn.pl\/en\/aktualnosci\/prosba-o-wsparcie-15-podatku-dla-konrada-nowaka\/embed\/#?secret=YRXgeRGXkO\" width=\"600\" height=\"338\" title=\"&#8220;Pro\u015bba o wsparcie &#8211; 1,5% podatku dla Konrada Nowaka&#8221; &#8212; Asocjacja Interwencji Sercowo-Naczyniowych\" data-secret=\"YRXgeRGXkO\" frameborder=\"0\" marginwidth=\"0\" marginheight=\"0\" scrolling=\"no\" class=\"wp-embedded-content\"><\/iframe><script>\n\/*! This file is auto-generated *\/\n!function(d,l){\"use strict\";l.querySelector&&d.addEventListener&&\"undefined\"!=typeof URL&&(d.wp=d.wp||{},d.wp.receiveEmbedMessage||(d.wp.receiveEmbedMessage=function(e){var t=e.data;if((t||t.secret||t.message||t.value)&&!\/[^a-zA-Z0-9]\/.test(t.secret)){for(var s,r,n,a=l.querySelectorAll('iframe[data-secret=\"'+t.secret+'\"]'),o=l.querySelectorAll('blockquote[data-secret=\"'+t.secret+'\"]'),c=new RegExp(\"^https?:$\",\"i\"),i=0;i<o.length;i++)o[i].style.display=\"none\";for(i=0;i<a.length;i++)s=a[i],e.source===s.contentWindow&&(s.removeAttribute(\"style\"),\"height\"===t.message?(1e3<(r=parseInt(t.value,10))?r=1e3:~~r<200&&(r=200),s.height=r):\"link\"===t.message&&(r=new URL(s.getAttribute(\"src\")),n=new URL(t.value),c.test(n.protocol))&&n.host===r.host&&l.activeElement===s&&(d.top.location.href=t.value))}},d.addEventListener(\"message\",d.wp.receiveEmbedMessage,!1),l.addEventListener(\"DOMContentLoaded\",function(){for(var e,t,s=l.querySelectorAll(\"iframe.wp-embedded-content\"),r=0;r<s.length;r++)(t=(e=s[r]).getAttribute(\"data-secret\"))||(t=Math.random().toString(36).substring(2,12),e.src+=\"#?secret=\"+t,e.setAttribute(\"data-secret\",t)),e.contentWindow.postMessage({message:\"ready\",secret:t},\"*\")},!1)))}(window,document);\n\/\/# sourceURL=https:\/\/aisn.pl\/wp-includes\/js\/wp-embed.min.js\n<\/script>","description":"Szanowni Pa\u0144stwo, Zwracamy si\u0119 do Pa\u0144stwa z pro\u015bb\u0105 o wsparcie rehabilitacji naszego kolegi Konrada Nowaka, kardiologa interwencyjnego, pracuj\u0105cego w Klinice Kardiologii Inwazyjnej w Bia\u0142ymstoku. Rok temu, tu\u017c przed swoimi 50 tymi urodzinami, Konrad przeby\u0142 rozleg\u0142y udar niedokrwienny. Pocz\u0105tkowy przebieg choroby by\u0142 bardzo ci\u0119\u017cki, wiele dni Konrad pozostawa\u0142 nieprzytomny. Udar spowodowa\u0142 bardzo du\u017ce ubytki neurologiczne, przez [&hellip;]","thumbnail_url":"https:\/\/aisn.pl\/download\/AISNlogofb.png","thumbnail_width":290,"thumbnail_height":230}