{"id":10614,"date":"2021-09-08T08:48:42","date_gmt":"2021-09-08T06:48:42","guid":{"rendered":"https:\/\/aisn.pl\/?post_type=aktualnosci&#038;p=10614"},"modified":"2021-09-14T10:03:08","modified_gmt":"2021-09-14T08:03:08","slug":"zaproszenie-do-udzialu-w-konferencji-aisn-ptk-nt-przezskorne-metody-leczenia-wad-serca-u-osob-w-podeszlym-wieku-14-09-2021-r-wtorek-godz-1700","status":"publish","type":"aktualnosci","link":"https:\/\/aisn.pl\/en\/aktualnosci\/zaproszenie-do-udzialu-w-konferencji-aisn-ptk-nt-przezskorne-metody-leczenia-wad-serca-u-osob-w-podeszlym-wieku-14-09-2021-r-wtorek-godz-1700\/","title":{"rendered":"Zaproszenie do udzia\u0142u w konferencji AISN PTK nt. &#8222;Przezsk\u00f3rne metody leczenia wad serca u os\u00f3b w podesz\u0142ym wieku&#8221; 14.09.2021 r. (wtorek) godz. 17:00"},"content":{"rendered":"<p>Ladies and gentlemen,<\/p>\n<p>serdecznie zapraszamy do udzia\u0142u w konferencji organizowanej przez AISN PTK i Medycyn\u0119 Praktyczn\u0105 nt. \u201cPrzezsk\u00f3rne metody leczenia wad serca u os\u00f3b w podesz\u0142ym wieku\u201d, kt\u00f3ra odb\u0119dzie si\u0119 we wtorek, tj. 14.09.2021 r. o godz. 17:00. Poni\u017cej prezentujemy szczeg\u00f3\u0142owy program.<\/p>\n<p>Formularz rejestracyjny jest dost\u0119pny pod adresem: <a href=\"https:\/\/aisn.pl\/en\/webinaria\/przezskornemetody\/\">https:\/\/aisn.pl\/webinaria\/przezskornemetody<\/a>\u00a0 Zapraszamy do udzia\u0142u!<\/p>\n<p>Z wyrazami szacunku,<\/p>\n<p>Prof. Stanis\u0142aw Bartu\u015b<br \/>\nPresident of ACVI<\/p>\n<p>&nbsp;<\/p>\n<p>Przezsk\u00f3rne metody leczenia wad serca u os\u00f3b w podesz\u0142ym wieku<br \/>\nProwadz\u0105cy: prof. Adam Witkowski, prof. Marek Grygier, prof. Stanis\u0142aw Bartu\u015b<\/p>\n<p>17.00-17.10<br \/>\nDyskusja panelowa \u2013 jak nowe wytyczne ESC i PTK poszerzaj\u0105 zakres wskaza\u0144 do zabieg\u00f3w przezsk\u00f3rnych w leczeniu wad zastawkowych.<br \/>\n17.10-17.30<br \/>\nKto jest kandydatem do zamykania PFO? Optymalna kwalifikacja pacjent\u00f3w.<br \/>\nprof. Aleksander Araszkiewicz<br \/>\n17.30-17.50<br \/>\nKto jest kandydatem do zamykania uszka lewego przedsionka? Optymalna kwalifikacja pacjent\u00f3w.<br \/>\nprof. Zenon Huczek<br \/>\n17.50-18.00<br \/>\nPytania i odpowiedzi<br \/>\n18.00-18.20<br \/>\nPrzezcewnikowa naprawa zastawki mitralnej metod\u0105 MitraClip &#8211; kryteria kwalifikacji do zabiegu.<br \/>\nprof. Wojciech Wojakowski<br \/>\n18.20-18.40<br \/>\nPytania i odpowiedzi<br \/>\n18.40-19.00<br \/>\nWst\u0119pna diagnostyka i kwalifikacja pacjent\u00f3w do TAVI.<br \/>\ndr n. med. Maciej D\u0105browski<br \/>\n19.00-19.20<br \/>\nPytania i odpowiedzi<br \/>\n19.20-19.30<br \/>\nPodsumowanie<\/p>","protected":false},"excerpt":{"rendered":"<p>Szanowni Pa\u0144stwo, serdecznie zapraszamy do udzia\u0142u w konferencji organizowanej przez AISN PTK i Medycyn\u0119 Praktyczn\u0105 nt. \u201cPrzezsk\u00f3rne metody leczenia wad serca u os\u00f3b w podesz\u0142ym wieku\u201d, kt\u00f3ra odb\u0119dzie si\u0119 we wtorek, tj. 14.09.2021 r. o godz. 17:00. Poni\u017cej prezentujemy szczeg\u00f3\u0142owy program. Formularz rejestracyjny jest dost\u0119pny pod adresem: https:\/\/aisn.pl\/webinaria\/przezskornemetody\u00a0 Zapraszamy do udzia\u0142u! Z wyrazami szacunku, Prof. [&hellip;]<\/p>","protected":false},"author":6,"featured_media":0,"menu_order":0,"template":"","meta":{"footnotes":""},"categories":[],"tags":[],"class_list":["post-10614","aktualnosci","type-aktualnosci","status-publish","hentry"],"_links":{"self":[{"href":"https:\/\/aisn.pl\/en\/wp-json\/wp\/v2\/aktualnosci\/10614","targetHints":{"allow":["GET"]}}],"collection":[{"href":"https:\/\/aisn.pl\/en\/wp-json\/wp\/v2\/aktualnosci"}],"about":[{"href":"https:\/\/aisn.pl\/en\/wp-json\/wp\/v2\/types\/aktualnosci"}],"author":[{"embeddable":true,"href":"https:\/\/aisn.pl\/en\/wp-json\/wp\/v2\/users\/6"}],"version-history":[{"count":4,"href":"https:\/\/aisn.pl\/en\/wp-json\/wp\/v2\/aktualnosci\/10614\/revisions"}],"predecessor-version":[{"id":10727,"href":"https:\/\/aisn.pl\/en\/wp-json\/wp\/v2\/aktualnosci\/10614\/revisions\/10727"}],"wp:attachment":[{"href":"https:\/\/aisn.pl\/en\/wp-json\/wp\/v2\/media?parent=10614"}],"wp:term":[{"taxonomy":"category","embeddable":true,"href":"https:\/\/aisn.pl\/en\/wp-json\/wp\/v2\/categories?post=10614"},{"taxonomy":"post_tag","embeddable":true,"href":"https:\/\/aisn.pl\/en\/wp-json\/wp\/v2\/tags?post=10614"}],"curies":[{"name":"wp","href":"https:\/\/api.w.org\/{rel}","templated":true}]}}