{"id":23203,"date":"2023-12-21T09:10:29","date_gmt":"2023-12-21T08:10:29","guid":{"rendered":"https:\/\/aisn.pl\/?post_type=aktualnosci&#038;p=23203"},"modified":"2023-12-21T09:10:29","modified_gmt":"2023-12-21T08:10:29","slug":"grupa-robocza-aisn-ptk-niedomykalnosc-zastawki-trojdzielnej","status":"publish","type":"aktualnosci","link":"https:\/\/aisn.pl\/en\/aktualnosci\/grupa-robocza-aisn-ptk-niedomykalnosc-zastawki-trojdzielnej\/","title":{"rendered":"Grupa Robocza AISN PTK &#8222;Niedomykalno\u015b\u0107 zastawki tr\u00f3jdzielnej&#8221;"},"content":{"rendered":"<p>Uprzejmie informujemy, \u017ce rozpocz\u0119\u0142a swoj\u0105 dzia\u0142alno\u015b\u0107 powo\u0142ana przez Zarz\u0105d AISN PTK Grupa Robocza \u201eNiedomykalno\u015b\u0107 zastawki tr\u00f3jdzielnej\u201d. Do wsp\u00f3\u0142pracy zaproszono mo\u017cliwie szerokie grono specjalist\u00f3w z r\u00f3\u017cnych o\u015brodk\u00f3w w Polsce: kardiolog\u00f3w, kardiolog\u00f3w interwencyjnych, echokardiografist\u00f3w i kardiochirurg\u00f3w. W dniu 17.12.2023 odby\u0142o si\u0119 pierwsze spotkanie cz\u0142onk\u00f3w grupy na kt\u00f3rym omawiano sposoby i mo\u017cliwo\u015bci raportowania wykonanych zabieg\u00f3w TEER niedomykalno\u015bci zastawki tr\u00f3jdzielnej (T-TEER). W zwi\u0105zku z rozporz\u0105dzeniem Ministra Zdrowia z dnia 29 listopada 2023 roku o\u015brodki wykonuj\u0105ce zabiegi T-TEER s\u0105 zobowi\u0105zane do prowadzenie sprawozdawczo\u015bci w ramach rejestru AISN PTK.<\/p>\n<p>Najwa\u017cniejsze cele jakie stawia przed sob\u0105 grupa to rozw\u00f3j bada\u0144 naukowych z zakresu leczenia niedomykalno\u015bci zastawki tr\u00f3jdzielnej ze szczeg\u00f3lnym uwzgl\u0119dnieniem kwalifikacji, osi\u0105gania optymalnych wynik\u00f3w leczenia, jako\u015bci i metod obrazowania, bezpiecze\u0144stwa pacjent\u00f3w oraz stworzenie jednolitych zalece\u0144 w zakresie obrazowania echokardiograficznego. Wa\u017cnym zadaniem nad kt\u00f3rym b\u0119d\u0105 pracowali cz\u0142onkowie grupy jest stworzenie og\u00f3lnopolskiego rejestru zabieg\u00f3w T-TEER. Cz\u0142onkowie grupy stanowi\u0105 r\u00f3wnie\u017c cia\u0142em doradczym dla AISN PTK.<\/p>\n<p>Przewodnicz\u0105cy: dr n. med. Adam Rdzanek<br \/>\nZast\u0119pca przewodnicz\u0105cego: prof. Marek Grygier<br \/>\nSekretarz: dr n. med. Micha\u0142 Chmielecki<br \/>\nMentor \u2013 echokardiografia: prof. Piotr Szyma\u0144ski<\/p>\n<p>Cz\u0142onkowie Grupy:<br \/>\nprof. Marcin Fija\u0142kowski, prof. Andrzej Gackowski, dr hab. med. Agnieszka Kap\u0142on-Cie\u015blicka, dr n. med. Agata Markiewicz, dr hab. med. Jerzy Pr\u0119gowski, prof. Krzysztof Reczuch, dr hab. med. Piotr Scis\u0142o, dr hab. med. Witold Streb, prof. Piotr Suwalski, dr hab. med. Mariusz Tomaniak, dr n. med. Jaros\u0142aw Tr\u0119bacz, prof. Wojciech Wojakowski<\/p>","protected":false},"excerpt":{"rendered":"<p>Uprzejmie informujemy, \u017ce rozpocz\u0119\u0142a swoj\u0105 dzia\u0142alno\u015b\u0107 powo\u0142ana przez Zarz\u0105d AISN PTK Grupa Robocza \u201eNiedomykalno\u015b\u0107 zastawki tr\u00f3jdzielnej\u201d. Do wsp\u00f3\u0142pracy zaproszono mo\u017cliwie szerokie grono specjalist\u00f3w z r\u00f3\u017cnych o\u015brodk\u00f3w w Polsce: kardiolog\u00f3w, kardiolog\u00f3w interwencyjnych, echokardiografist\u00f3w i kardiochirurg\u00f3w. W dniu 17.12.2023 odby\u0142o si\u0119 pierwsze spotkanie cz\u0142onk\u00f3w grupy na kt\u00f3rym omawiano sposoby i mo\u017cliwo\u015bci raportowania wykonanych zabieg\u00f3w TEER niedomykalno\u015bci zastawki [&hellip;]<\/p>","protected":false},"author":6,"featured_media":23204,"menu_order":0,"template":"","meta":{"footnotes":""},"categories":[],"tags":[],"class_list":["post-23203","aktualnosci","type-aktualnosci","status-publish","has-post-thumbnail","hentry"],"_links":{"self":[{"href":"https:\/\/aisn.pl\/en\/wp-json\/wp\/v2\/aktualnosci\/23203","targetHints":{"allow":["GET"]}}],"collection":[{"href":"https:\/\/aisn.pl\/en\/wp-json\/wp\/v2\/aktualnosci"}],"about":[{"href":"https:\/\/aisn.pl\/en\/wp-json\/wp\/v2\/types\/aktualnosci"}],"author":[{"embeddable":true,"href":"https:\/\/aisn.pl\/en\/wp-json\/wp\/v2\/users\/6"}],"version-history":[{"count":1,"href":"https:\/\/aisn.pl\/en\/wp-json\/wp\/v2\/aktualnosci\/23203\/revisions"}],"predecessor-version":[{"id":23205,"href":"https:\/\/aisn.pl\/en\/wp-json\/wp\/v2\/aktualnosci\/23203\/revisions\/23205"}],"wp:featuredmedia":[{"embeddable":true,"href":"https:\/\/aisn.pl\/en\/wp-json\/wp\/v2\/media\/23204"}],"wp:attachment":[{"href":"https:\/\/aisn.pl\/en\/wp-json\/wp\/v2\/media?parent=23203"}],"wp:term":[{"taxonomy":"category","embeddable":true,"href":"https:\/\/aisn.pl\/en\/wp-json\/wp\/v2\/categories?post=23203"},{"taxonomy":"post_tag","embeddable":true,"href":"https:\/\/aisn.pl\/en\/wp-json\/wp\/v2\/tags?post=23203"}],"curies":[{"name":"wp","href":"https:\/\/api.w.org\/{rel}","templated":true}]}}