{"id":23220,"date":"2023-12-27T10:49:56","date_gmt":"2023-12-27T09:49:56","guid":{"rendered":"https:\/\/aisn.pl\/?post_type=aktualnosci&#038;p=23220"},"modified":"2023-12-27T10:49:56","modified_gmt":"2023-12-27T09:49:56","slug":"grupa-robocza-aisn-ptk-ocena-czynnosciowa-tetnic-wiencowych-i-mikrokrazenia","status":"publish","type":"aktualnosci","link":"https:\/\/aisn.pl\/en\/aktualnosci\/grupa-robocza-aisn-ptk-ocena-czynnosciowa-tetnic-wiencowych-i-mikrokrazenia\/","title":{"rendered":"Grupa Robocza AISN PTK &#8222;Ocena czynno\u015bciowa t\u0119tnic wie\u0144cowych i mikrokr\u0105\u017cenia&#8221;"},"content":{"rendered":"<p>Uprzejmie informujemy, \u017ce swoj\u0105 dzia\u0142alno\u015b\u0107 rozpocz\u0119\u0142a powo\u0142ana przez Zarz\u0105d AISN PTK Grupa Robocza \u201eOcena czynno\u015bciowa t\u0119tnic wie\u0144cowych i mikrokr\u0105\u017cenia\u201d kt\u00f3ra kierowana b\u0119dzie przez prof. Krzysztofa Milewskiego (Chair) oraz dr hab. Mariusza Tomaniaka (Co-Chair).<br \/>\nG\u0142\u00f3wnym celem dzia\u0142alno\u015bci grupy jest rozw\u00f3j bada\u0144 w zakresie fizjologii kr\u0105\u017cenia wie\u0144cowego i nowych technik diagnostycznych, ze szczeg\u00f3lnym uwzgl\u0119dnieniem mikrokr\u0105\u017cenia wie\u0144cowego.<\/p>\n<p>Przewodnicz\u0105cy: prof. Krzysztof Milewski<br \/>\nWice-Przewodnicz\u0105cy: dr hab. med. Mariusz Tomaniak<\/p>\n<p>Cz\u0142onkowie Grupy:<br \/>\nprof. Krzysztof Milewski, dr hab. med. Mariusz Tomaniak, prof. Robert Gil, dr n. med. Jozef Bartunek, dr hab. med. Micha\u0142 Hawranek, prof. Mi\u0142osz Jaguszewski, dr hab. med. Pawel Gasior, dr n. med. Piotr Ty\u015blerowicz, dr n. med. Rados\u0142aw Liszka, dr n. med. \u0141ukasz Ku\u017ama, dr n. med. Adrian W\u0142odarczak,<br \/>\nprof. Zenon Huczek, prof. Marek Grygier<\/p>","protected":false},"excerpt":{"rendered":"<p>Uprzejmie informujemy, \u017ce swoj\u0105 dzia\u0142alno\u015b\u0107 rozpocz\u0119\u0142a powo\u0142ana przez Zarz\u0105d AISN PTK Grupa Robocza \u201eOcena czynno\u015bciowa t\u0119tnic wie\u0144cowych i mikrokr\u0105\u017cenia\u201d kt\u00f3ra kierowana b\u0119dzie przez prof. Krzysztofa Milewskiego (Chair) oraz dr hab. Mariusza Tomaniaka (Co-Chair). G\u0142\u00f3wnym celem dzia\u0142alno\u015bci grupy jest rozw\u00f3j bada\u0144 w zakresie fizjologii kr\u0105\u017cenia wie\u0144cowego i nowych technik diagnostycznych, ze szczeg\u00f3lnym uwzgl\u0119dnieniem mikrokr\u0105\u017cenia wie\u0144cowego. Przewodnicz\u0105cy: [&hellip;]<\/p>","protected":false},"author":6,"featured_media":23221,"menu_order":0,"template":"","meta":{"footnotes":""},"categories":[],"tags":[],"class_list":["post-23220","aktualnosci","type-aktualnosci","status-publish","has-post-thumbnail","hentry"],"_links":{"self":[{"href":"https:\/\/aisn.pl\/en\/wp-json\/wp\/v2\/aktualnosci\/23220","targetHints":{"allow":["GET"]}}],"collection":[{"href":"https:\/\/aisn.pl\/en\/wp-json\/wp\/v2\/aktualnosci"}],"about":[{"href":"https:\/\/aisn.pl\/en\/wp-json\/wp\/v2\/types\/aktualnosci"}],"author":[{"embeddable":true,"href":"https:\/\/aisn.pl\/en\/wp-json\/wp\/v2\/users\/6"}],"version-history":[{"count":2,"href":"https:\/\/aisn.pl\/en\/wp-json\/wp\/v2\/aktualnosci\/23220\/revisions"}],"predecessor-version":[{"id":23223,"href":"https:\/\/aisn.pl\/en\/wp-json\/wp\/v2\/aktualnosci\/23220\/revisions\/23223"}],"wp:featuredmedia":[{"embeddable":true,"href":"https:\/\/aisn.pl\/en\/wp-json\/wp\/v2\/media\/23221"}],"wp:attachment":[{"href":"https:\/\/aisn.pl\/en\/wp-json\/wp\/v2\/media?parent=23220"}],"wp:term":[{"taxonomy":"category","embeddable":true,"href":"https:\/\/aisn.pl\/en\/wp-json\/wp\/v2\/categories?post=23220"},{"taxonomy":"post_tag","embeddable":true,"href":"https:\/\/aisn.pl\/en\/wp-json\/wp\/v2\/tags?post=23220"}],"curies":[{"name":"wp","href":"https:\/\/api.w.org\/{rel}","templated":true}]}} 