{"id":23501,"date":"2024-02-29T08:52:24","date_gmt":"2024-02-29T07:52:24","guid":{"rendered":"https:\/\/aisn.pl\/?post_type=aktualnosci&#038;p=23501"},"modified":"2024-02-29T08:52:24","modified_gmt":"2024-02-29T07:52:24","slug":"prosba-o-wsparcie-15-podatku-dla-konrada-nowaka","status":"publish","type":"aktualnosci","link":"https:\/\/aisn.pl\/en\/aktualnosci\/prosba-o-wsparcie-15-podatku-dla-konrada-nowaka\/","title":{"rendered":"Pro\u015bba o wsparcie &#8211; 1,5% podatku dla Konrada Nowaka"},"content":{"rendered":"<p>Ladies and gentlemen,<\/p>\n<p>Zwracamy si\u0119 do Pa\u0144stwa z pro\u015bb\u0105 o wsparcie rehabilitacji naszego kolegi Konrada Nowaka, kardiologa interwencyjnego, pracuj\u0105cego w Klinice Kardiologii Inwazyjnej w Bia\u0142ymstoku.<\/p>\n<p>Rok temu, tu\u017c przed swoimi 50 tymi urodzinami, Konrad przeby\u0142 rozleg\u0142y udar niedokrwienny. Pocz\u0105tkowy przebieg choroby by\u0142 bardzo ci\u0119\u017cki, wiele dni Konrad pozostawa\u0142 nieprzytomny. Udar spowodowa\u0142 bardzo du\u017ce ubytki neurologiczne, przez wiele tygodni samodzielne funkcjonowanie by\u0142o niemo\u017cliwe.<\/p>\n<p>Od samego pocz\u0105tku, na ile tylko si\u0142y pozwala\u0142y, Konrad rozpocz\u0105\u0142 rehabilitacj\u0119. Wszyscy jeste\u015bmy pod ogromnym wra\u017ceniem jego determinacji, dyscypliny i wiary w mo\u017cliwo\u015b\u0107 przezwyci\u0119\u017cenia wszelkich ogranicze\u0144. Kompleksowe, wszechstronne post\u0119powanie stopniowo przynosi pewn\u0105 popraw\u0119, jednak dzi\u015b wiadomo, \u017ce musi by\u0107 kontynuowane jeszcze przez d\u0142ugi czas. Koszty zwi\u0105zane z rehabilitacj\u0105 s\u0105 bardzo du\u017ce i znacznie przekraczaj\u0105 mo\u017cliwo\u015bci rekompensaty ubezpieczyciela.<\/p>\n<p>Dlatego zwracamy si\u0119 do Pa\u0144stwa o pomoc. Jednocze\u015bnie bardzo dzi\u0119kujemy za s\u0142owa wsparcia z prywatnych rozm\u00f3w, wszystkie przekazujemy Konradowi.<\/p>\n<p>Pawe\u0142 Kralisz<br \/>\nMicha\u0142 Hawranek<\/p>\n<p>Oto jak mo\u017cna pom\u00f3c:<\/p>\n<p>Konrad Nowak, Subkonto w fundacji AVALON<\/p>\n<p>JAK PRZEKAZA\u0106 1,5%<br \/>\nWype\u0142niaj\u0105c zeznanie PIT, podatnik musi obliczy\u0107 podatek nale\u017cny wobec Urz\u0119du Skarbowego.<br \/>\nW rubryce WNIOSEK O PRZEKAZANIE 1,5% PODATKU NALE\u017bNEGO NA RZECZ ORGANIZACJI PO\u017bYTKU PUBLICZNEGO (OPP) nale\u017cy:<br \/>\n\u2022 Wpisa\u0107 numer KRS: 0000270809<br \/>\n\u2022 Obliczy\u0107 kwot\u0119 1,5%<br \/>\nW rubryce INFORMACJE UZUPE\u0141NIAJ\u0104CE (bardzo wa\u017cne!) nale\u017cy:<br \/>\nWpisa\u0107 nazwisko oraz numer cz\u0142onkowski nadany przez Fundacj\u0119 \u2013<br \/>\nNowak, 18837<\/p>\n<p>JAK PRZEKAZA\u0106 DAROWIZN\u0118<br \/>\nNale\u017cy dokona\u0107 przelewu bankowego (mo\u017ce by\u0107 przelew internetowy) lub wp\u0142aty na poczcie:<br \/>\nnazwa odbiorcy:<br \/>\nFundacja Avalon &#8211; Bezpo\u015brednia Pomoc Niepe\u0142nosprawnym,<br \/>\nMicha\u0142a Kajki 80\/82 lok. 1, 04-620 Warszawa<br \/>\nnumery rachunku odbiorcy: 62 1600 1286 0003 0031 8642 6001<br \/>\nRachunek prowadzony przez: BG\u017b BNP Paribas Bank Polska S.A.<br \/>\nW tytule wp\u0142aty prosz\u0119 poda\u0107 nazwisko i numer cz\u0142onkowski nadany przez Fundacj\u0119 \u2013<br \/>\nNowak, 18837 (ten dopisek jest bardzo wa\u017cny).<\/p>","protected":false},"excerpt":{"rendered":"<p>Szanowni Pa\u0144stwo, Zwracamy si\u0119 do Pa\u0144stwa z pro\u015bb\u0105 o wsparcie rehabilitacji naszego kolegi Konrada Nowaka, kardiologa interwencyjnego, pracuj\u0105cego w Klinice Kardiologii Inwazyjnej w Bia\u0142ymstoku. Rok temu, tu\u017c przed swoimi 50 tymi urodzinami, Konrad przeby\u0142 rozleg\u0142y udar niedokrwienny. Pocz\u0105tkowy przebieg choroby by\u0142 bardzo ci\u0119\u017cki, wiele dni Konrad pozostawa\u0142 nieprzytomny. Udar spowodowa\u0142 bardzo du\u017ce ubytki neurologiczne, przez [&hellip;]<\/p>","protected":false},"author":6,"featured_media":0,"menu_order":0,"template":"","meta":{"footnotes":""},"categories":[],"tags":[],"class_list":["post-23501","aktualnosci","type-aktualnosci","status-publish","hentry"],"_links":{"self":[{"href":"https:\/\/aisn.pl\/en\/wp-json\/wp\/v2\/aktualnosci\/23501","targetHints":{"allow":["GET"]}}],"collection":[{"href":"https:\/\/aisn.pl\/en\/wp-json\/wp\/v2\/aktualnosci"}],"about":[{"href":"https:\/\/aisn.pl\/en\/wp-json\/wp\/v2\/types\/aktualnosci"}],"author":[{"embeddable":true,"href":"https:\/\/aisn.pl\/en\/wp-json\/wp\/v2\/users\/6"}],"version-history":[{"count":1,"href":"https:\/\/aisn.pl\/en\/wp-json\/wp\/v2\/aktualnosci\/23501\/revisions"}],"predecessor-version":[{"id":23502,"href":"https:\/\/aisn.pl\/en\/wp-json\/wp\/v2\/aktualnosci\/23501\/revisions\/23502"}],"wp:attachment":[{"href":"https:\/\/aisn.pl\/en\/wp-json\/wp\/v2\/media?parent=23501"}],"wp:term":[{"taxonomy":"category","embeddable":true,"href":"https:\/\/aisn.pl\/en\/wp-json\/wp\/v2\/categories?post=23501"},{"taxonomy":"post_tag","embeddable":true,"href":"https:\/\/aisn.pl\/en\/wp-json\/wp\/v2\/tags?post=23501"}],"curies":[{"name":"wp","href":"https:\/\/api.w.org\/{rel}","templated":true}]}}