{"id":3437,"date":"2019-01-30T13:50:47","date_gmt":"2019-01-30T13:50:47","guid":{"rendered":"https:\/\/test.aisn.pl\/?post_type=aktualnosci&#038;p=3437"},"modified":"2020-07-23T13:56:24","modified_gmt":"2020-07-23T13:56:24","slug":"vii-konferencja-i-warsztaty-sekcji-intensywnej-terapii-kardiologicznej-i-resuscytacji-ptk","status":"publish","type":"aktualnosci","link":"https:\/\/aisn.pl\/en\/aktualnosci\/vii-konferencja-i-warsztaty-sekcji-intensywnej-terapii-kardiologicznej-i-resuscytacji-ptk\/","title":{"rendered":"VII Konferencja i Warsztaty Sekcji Intensywnej Terapii Kardiologicznej i Resuscytacji PTK"},"content":{"rendered":"<p><strong>Szanowni Pa\u0144stwo<\/strong><\/p>\n<p>Z przyjemno\u015bci\u0105 informujemy, \u017ce w dniach\u00a0<strong>5-6 kwietnia 2019 r<\/strong>. w\u00a0<strong>Opolu<\/strong>(domEXPO) odb\u0119dzie si\u0119<\/p>\n<p><strong>VII Konferencja i Warsztaty<br \/>\nSekcji Intensywnej Terapii Kardiologicznej<br \/>\ni Resuscytacji PTK<br \/>\n<a href=\"http:\/\/www.konferencja.intensywna.pl\/\">www.konferencja.intensywna.pl<\/a><\/strong><\/p>\n<p>Wzorem poprzednich edycji Konferencji,\u00a0<a href=\"http:\/\/airmail.calendar\/2019-02-01%2012:00:00%20CET\">w pi\u0105tek<\/a>\u00a0w pierwszym dniu Konferencji (<a href=\"http:\/\/airmail.calendar\/2019-04-05%2012:00:00%20CEST\">5 kwiecie\u0144 2019<\/a>), jak r\u00f3wnie\u017c\u00a0<a href=\"http:\/\/airmail.calendar\/2019-02-02%2012:00:00%20CET\">w sobot\u0119<\/a>\u00a0(<a href=\"http:\/\/airmail.calendar\/2019-04-06%2012:00:00%20CEST\">6 kwietnia 2019<\/a>) odb\u0119d\u0105 si\u0119\u00a0<strong>warsztaty tematyczne<\/strong>\u00a0a zaplanowana ich tematyka obejmuje terapi\u0119 nerkozast\u0119pcz\u0105, monitorowanie hemodynamiczne, \u017cywienie dojelitowe, obs\u0142ug\u0119 urz\u0105dze\u0144 stymuluj\u0105cych i wysokoenergetycznych, wentylacj\u0119 mechaniczn\u0105 i nie tylko mechaniczn\u0105, echokardiografi\u0119 dla intensywist\u00f3w, zak\u0142adanie wk\u0142u\u0107 centralnych i elektrod do czasowej stymulacji na fantomach, resuscytacj\u0119.<\/p>\n<p><strong>Po raz pierwszy w tym roku proponujemy warsztaty EKG w stanach zagro\u017cenia \u017cycia, warsztaty z psychologiem (trudne decyzje, trudne rozmowy na ITK) oraz ECMO.<\/strong><\/p>\n<p>Na cz\u0119\u015b\u0107 Warsztat\u00f3w mo\u017cna si\u0119 ju\u017c zapisywa\u0107, kolejne b\u0119d\u0105 og\u0142aszane wkr\u00f3tce<\/p>\n<p><strong>W pierwszym dniu<\/strong>\u00a0Konferencji odb\u0119dzie si\u0119 r\u00f3wnie\u017c<br \/>\n<strong>Sesja Konkursowa<br \/>\nBlaski i cienie ITK\u00a0&#8211;\u00a0M\u00f3j najwi\u0119kszy sukces \/ koszmar na oddziale ITK<\/strong><\/p>\n<p>&#8211; najciekawszych przypadk\u00f3w leczonych na Pa\u0144stwa Oddzia\u0142ach Intensywnej Terapii Kardiologicznej.\u00a0 Zapraszamy ju\u017c\u00a0<a href=\"http:\/\/airmail.calendar\/2019-01-30%2012:00:00%20CET\">dzi\u015b<\/a>\u00a0do przygotowania a nast\u0119pnie przes\u0142ania propozycji.<\/p>\n<p><a href=\"http:\/\/konferencja.intensywna.pl\/abstracts-pl\/\"><img decoding=\"async\" src=\"blob:eeb93207-8fcf-40e4-be0f-a343394ce1b0\" alt=\"\" \/><\/a><\/p>\n<p>Wszyscy finali\u015bci (6 wybranych przez JURY przypadk\u00f3w) b\u0119d\u0105 zwolnieni z op\u0142aty zjazdowej podczas naszej Konferencji.<br \/>\n<strong>Zwyci\u0119zca w ramach nagrody otrzyma od Sekcji grant wyjazdowy na Kongres Acute Cardiovascular Care Association w 2020 roku w Atenach.<\/strong><\/p>\n<p><strong>W drugim dniu,\u00a0<a href=\"http:\/\/airmail.calendar\/2019-04-06%2012:00:00%20CEST\">w sobot\u0119 6 kwietnia<\/a>\u00a02019r<\/strong>., na dw\u00f3ch r\u00f3wnoleg\u0142ych salach b\u0119d\u0105 mieli Pa\u0144stwo mo\u017cliwo\u015b\u0107 pos\u0142uchania wyk\u0142ad\u00f3w oraz dyskusji prowadzonych przez wybitnych specjalist\u00f3w, zajmuj\u0105cych si\u0119 na co dzie\u0144 pacjentami w stanach zagro\u017cenia \u017cycia. Poruszana tematyka obejmowa\u0107 b\u0119dzie:<\/p>\n<ul>\n<li>post\u0119powanie w fazie przedszpitalnej<\/li>\n<li>nag\u0142e zatrzymanie kr\u0105\u017cenia, zawa\u0142 serca, ostr\u0105 niewydolno\u015b\u0107 serca, zator p\u0142ucny<\/li>\n<li>wstrz\u0105s i wspomaganie kr\u0105\u017cenia<\/li>\n<li>optymalizacj\u0119 farmakoterapii, interwencji przezsk\u00f3rnych i chirurgicznych<\/li>\n<li>nowych wytycznych w aspekcie intensywnej terapii kardiologicznej<\/li>\n<li>diagnostyce obrazowej<\/li>\n<li>nowych technologiach w ITK<\/li>\n<li>powik\u0142aniach w trakcie diagnostyki i leczenia<\/li>\n<li>opiece piel\u0119gniarskiej w intensywnej terapii kardiologicznej (Sesja Piel\u0119gniarek ITK)<\/li>\n<li>codziennych problemy na ITK (krwawienia, infekcje, niewydolno\u015b\u0107 nerek, zesp\u00f3\u0142 krucho\u015bci)<\/li>\n<\/ul>\n<p><strong>Na stronie internetowej\u00a0<a href=\"http:\/\/konferencja.intensywna.pl\/\">konferencja.intensywna.pl<\/a>\u00a0mo\u017cna ju\u017c:<\/strong><\/p>\n<ul>\n<li><strong>zapozna\u0107 si\u0119 z\u00a0<a href=\"http:\/\/konferencja.intensywna.pl\/program-konferencji\/\">szczeg\u00f3\u0142owym programem<\/a><\/strong><\/li>\n<li><strong><a href=\"http:\/\/konferencja.intensywna.pl\/registration-fees-pl\/\">zarejestrowa\u0107<\/a>\u00a0si\u0119 na Konferencj\u0119 (<a href=\"http:\/\/airmail.calendar\/2019-04-05%2012:00:00%20CEST\">5-6.04.2019<\/a>, domEXPO, Opole)<\/strong><\/li>\n<li><strong>zapisa\u0107 si\u0119 na\u00a0<a href=\"http:\/\/konferencja.intensywna.pl\/warsztaty\/\">warsztaty tematyczne<\/a><\/strong><\/li>\n<li><strong>zg\u0142osi\u0107 przypadek na\u00a0<a href=\"http:\/\/konferencja.intensywna.pl\/abstracts-pl\/\">sesj\u0119 konkursow\u0105<\/a><\/strong><\/li>\n<\/ul>\n<p><strong>Serdecznie zapraszamy do udzia\u0142u w Konferencji!<\/strong><\/p>\n<p><strong>Komitet Organizacyjny<\/strong><\/p>\n<p>Dr hab.\u00a0<strong>Marek Gierlotka<\/strong>, Przewodnicz\u0105cy Komitetu Organizacyjnego, Przewodnicz\u0105cy Sekcji<br \/>\nDr hab.\u00a0<strong>Przemys\u0142aw Trzeciak<\/strong>, Sekretarz i Skarbnik Sekcji\u00a0 \u00a0 \u00a0 \u00a0 \u00a0 \u00a0 \u00a0 \u00a0 \u00a0 \u00a0 \u00a0 \u00a0 \u00a0 \u00a0 \u00a0 \u00a0 \u00a0 \u00a0 \u00a0 \u00a0 \u00a0 \u00a0 \u00a0 \u00a0 \u00a0 \u00a0 \u00a0 \u00a0 \u00a0 \u00a0 \u00a0 \u00a0 \u00a0 \u00a0 \u00a0 \u00a0 \u00a0 \u00a0 \u00a0 \u00a0 \u00a0 \u00a0 \u00a0 \u00a0 \u00a0 \u00a0 \u00a0 \u00a0 \u00a0 Dr hab.\u00a0<strong>Agnieszka Tyci\u0144ska<\/strong>, Przewodnicz\u0105ca-Elekt Sekcji<\/p>","protected":false},"excerpt":{"rendered":"<p>Szanowni Pa\u0144stwo Z przyjemno\u015bci\u0105 informujemy, \u017ce w dniach\u00a05-6 kwietnia 2019 r. w\u00a0Opolu(domEXPO) odb\u0119dzie si\u0119 VII Konferencja i Warsztaty Sekcji Intensywnej Terapii Kardiologicznej i Resuscytacji PTK www.konferencja.intensywna.pl Wzorem poprzednich edycji Konferencji,\u00a0w pi\u0105tek\u00a0w pierwszym dniu Konferencji (5 kwiecie\u0144 2019), jak r\u00f3wnie\u017c\u00a0w sobot\u0119\u00a0(6 kwietnia 2019) odb\u0119d\u0105 si\u0119\u00a0warsztaty tematyczne\u00a0a zaplanowana ich tematyka obejmuje terapi\u0119 nerkozast\u0119pcz\u0105, monitorowanie hemodynamiczne, \u017cywienie dojelitowe, [&hellip;]<\/p>","protected":false},"author":6,"featured_media":0,"menu_order":0,"template":"","meta":{"footnotes":""},"categories":[],"tags":[],"class_list":["post-3437","aktualnosci","type-aktualnosci","status-publish","hentry"],"_links":{"self":[{"href":"https:\/\/aisn.pl\/en\/wp-json\/wp\/v2\/aktualnosci\/3437","targetHints":{"allow":["GET"]}}],"collection":[{"href":"https:\/\/aisn.pl\/en\/wp-json\/wp\/v2\/aktualnosci"}],"about":[{"href":"https:\/\/aisn.pl\/en\/wp-json\/wp\/v2\/types\/aktualnosci"}],"author":[{"embeddable":true,"href":"https:\/\/aisn.pl\/en\/wp-json\/wp\/v2\/users\/6"}],"version-history":[{"count":0,"href":"https:\/\/aisn.pl\/en\/wp-json\/wp\/v2\/aktualnosci\/3437\/revisions"}],"wp:attachment":[{"href":"https:\/\/aisn.pl\/en\/wp-json\/wp\/v2\/media?parent=3437"}],"wp:term":[{"taxonomy":"category","embeddable":true,"href":"https:\/\/aisn.pl\/en\/wp-json\/wp\/v2\/categories?post=3437"},{"taxonomy":"post_tag","embeddable":true,"href":"https:\/\/aisn.pl\/en\/wp-json\/wp\/v2\/tags?post=3437"}],"curies":[{"name":"wp","href":"https:\/\/api.w.org\/{rel}","templated":true}]}}