{"id":7592,"date":"2021-01-05T15:39:45","date_gmt":"2021-01-05T13:39:45","guid":{"rendered":"https:\/\/aisn.pl\/?post_type=aktualnosci&#038;p=7592"},"modified":"2021-01-05T15:39:45","modified_gmt":"2021-01-05T13:39:45","slug":"prof-robert-j-gil-kandydatem-na-prezesa-zarzadu-glownego-ptk","status":"publish","type":"aktualnosci","link":"https:\/\/aisn.pl\/en\/aktualnosci\/prof-robert-j-gil-kandydatem-na-prezesa-zarzadu-glownego-ptk\/","title":{"rendered":"Prof. Robert J. Gil kandydatem na Prezesa Zarz\u0105du G\u0142\u00f3wnego PTK"},"content":{"rendered":"<p>Ladies and gentlemen,<\/p>\n<p>uprzejmie informujemy, i\u017c Zarz\u0105d AISN PTK zg\u0142osi\u0142 Pana prof. dr hab. med. Roberta J. Gila do Komisji Wyborczej Polskiego Towarzystwa Kardiologicznego jako kandydata na Prezesa Zarz\u0105du G\u0142\u00f3wnego PTK.<\/p>\n<p>Zarz\u0105d AISN PTK<\/p>","protected":false},"excerpt":{"rendered":"<p>Szanowni Pa\u0144stwo, uprzejmie informujemy, i\u017c Zarz\u0105d AISN PTK zg\u0142osi\u0142 Pana prof. dr hab. med. Roberta J. Gila do Komisji Wyborczej Polskiego Towarzystwa Kardiologicznego jako kandydata na Prezesa Zarz\u0105du G\u0142\u00f3wnego PTK. Zarz\u0105d AISN PTK<\/p>","protected":false},"author":6,"featured_media":0,"menu_order":0,"template":"","meta":{"footnotes":""},"categories":[],"tags":[],"class_list":["post-7592","aktualnosci","type-aktualnosci","status-publish","hentry"],"_links":{"self":[{"href":"https:\/\/aisn.pl\/en\/wp-json\/wp\/v2\/aktualnosci\/7592","targetHints":{"allow":["GET"]}}],"collection":[{"href":"https:\/\/aisn.pl\/en\/wp-json\/wp\/v2\/aktualnosci"}],"about":[{"href":"https:\/\/aisn.pl\/en\/wp-json\/wp\/v2\/types\/aktualnosci"}],"author":[{"embeddable":true,"href":"https:\/\/aisn.pl\/en\/wp-json\/wp\/v2\/users\/6"}],"version-history":[{"count":2,"href":"https:\/\/aisn.pl\/en\/wp-json\/wp\/v2\/aktualnosci\/7592\/revisions"}],"predecessor-version":[{"id":7594,"href":"https:\/\/aisn.pl\/en\/wp-json\/wp\/v2\/aktualnosci\/7592\/revisions\/7594"}],"wp:attachment":[{"href":"https:\/\/aisn.pl\/en\/wp-json\/wp\/v2\/media?parent=7592"}],"wp:term":[{"taxonomy":"category","embeddable":true,"href":"https:\/\/aisn.pl\/en\/wp-json\/wp\/v2\/categories?post=7592"},{"taxonomy":"post_tag","embeddable":true,"href":"https:\/\/aisn.pl\/en\/wp-json\/wp\/v2\/tags?post=7592"}],"curies":[{"name":"wp","href":"https:\/\/api.w.org\/{rel}","templated":true}]}}