{"id":7360,"date":"2020-11-27T09:56:15","date_gmt":"2020-11-27T07:56:15","guid":{"rendered":"https:\/\/aisn.pl\/klauzula-informacyjna-2\/"},"modified":"2020-11-27T10:01:17","modified_gmt":"2020-11-27T08:01:17","slug":"klauzula-informacyjna-2","status":"publish","type":"page","link":"https:\/\/aisn.pl\/en\/klauzula-informacyjna-2\/","title":{"rendered":"Klauzula Informacyjna"},"content":{"rendered":"<p class=\"p2\">Zgodnie z art. 13 ust. 1 i <i>2 Rozporz\u0105dzenia Parlamentu Europejskiego i Rady (UE) 2016\/679 z dnia 27 kwietnia 2016 roku w sprawie ochrony os\u00f3b fizycznych w zwi\u0105zku z przetwarzaniem danych osobowych i w sprawie swobodnego przep\u0142ywu takich danych oraz uchylenia dyrektywy 95\/46\/WE (og\u00f3lne rozporz\u0105dzenie o ochronie danych) <\/i>informujemy, \u017ce:<span class=\"Apple-converted-space\">\u00a0<\/span><\/p>\n<p class=\"p3\"><span class=\"s2\">I. <\/span>Administratorem Pani\/Pana danych osobowych wskazanych w zg\u0142oszeniu uczestnictwa w Seminarium <b>jest Polskie Towarzystwo Kardiologiczne z siedzib\u0105 w Warszawie, <\/b>ul. Stawki 3a lok. 1-2, 00-193 Warszawa (<b>\u201ePTK&#8221;<\/b>). PTK powo\u0142a\u0142o IOD z kt\u00f3rym skontaktowa\u0107 mo\u017cna si\u0119 pod adresem ptkczlonkowie@gbbsoft.pl. w tym tak\u017ce w zakresie zg\u0142aszania jakichkolwiek \u017c\u0105da\u0144 czy uprawnie\u0144 wynikaj\u0105cych z niniejszej informacji.<span class=\"Apple-converted-space\">\u00a0<\/span><\/p>\n<p class=\"p3\"><span class=\"s2\">II. <\/span><b>Dane osobowe przetwarzane b\u0119d\u0105 w celu:<span class=\"Apple-converted-space\">\u00a0<\/span><\/b><\/p>\n<p class=\"p3\"><span class=\"s2\">a. <\/span>rejestracji Uczestnik\u00f3w Seminarium w procesie rejestracji indywidualnej, organizacji i przeprowadzenia Seminarium na podstawie art. 6 ust 1 lit. b. RODO;<span class=\"Apple-converted-space\">\u00a0<\/span><\/p>\n<p class=\"p3\"><span class=\"s2\">b. <\/span>wykonania obowi\u0105zk\u00f3w prawnych ci\u0105\u017c\u0105cych na PTK w zwi\u0105zku z realizacj\u0105 Seminarium (podstawa prawna: art. 6 ust. 1 lit. c RODO).<span class=\"Apple-converted-space\">\u00a0<\/span><\/p>\n<p class=\"p3\"><span class=\"s2\">c. <\/span>PTK mo\u017ce przetwarza\u0107 dane osobowe Uczestnika r\u00f3wnie\u017c w celu ustalenia, dochodzenia lub obrony roszcze\u0144 (podstawa prawa: art. 6 ust. 1 lit. f RODO).<span class=\"Apple-converted-space\">\u00a0<\/span><\/p>\n<p class=\"p3\"><span class=\"s2\">III. <\/span><b>Podstaw\u0105 prawn\u0105 przetwarzania danych osobowych jest <\/b>art. 6 ust. 1 pkt b) i f) Rozporz\u0105dzenia Parlamentu Europejskiego i Rady (UE) 2016\/679 z dnia 27 kwietnia 2016 roku w sprawie ochrony os\u00f3b fizycznych w zwi\u0105zku z przetwarzaniem danych osobowych i w sprawie swobodnego przep\u0142ywu takich danych oraz uchylenia dyrektywy 95\/46\/WE (og\u00f3lne rozporz\u0105dzenie o ochronie danych).<span class=\"Apple-converted-space\">\u00a0<\/span><\/p>\n<p class=\"p3\"><span class=\"s2\">IV. <\/span><b>Podanie danych osobowych jest dobrowolne, ale ich nie podanie uniemo\u017cliwi uczestniczenie w Seminarium.<span class=\"Apple-converted-space\">\u00a0<\/span><\/b><\/p>\n<p class=\"p3\"><span class=\"s2\">V. <\/span><b>Pani\/Pana dane osobowe b\u0119d\u0105 przetwarzane przez okres <\/b>niezb\u0119dny dla celu realizacji Seminarium, oraz ustalenia, dochodzenia lub obrony roszcze\u0144 pozostaj\u0105cych w zwi\u0105zku z realizacj\u0105 Seminarium<span class=\"Apple-converted-space\">\u00a0<\/span><\/p>\n<p class=\"p3\"><span class=\"s2\">VI. <\/span><b>Dane osobowe nie b\u0119d\u0105 <\/b>przekazywane do pa\u0144stwa trzeciego\/organizacji mi\u0119dzynarodowej oraz nie b\u0119d\u0105 profilowane i automatyzowane.<span class=\"Apple-converted-space\">\u00a0<\/span><\/p>\n<p class=\"p3\"><span class=\"s2\">VII. <\/span><b>Dane osobowe mog\u0105 zosta\u0107 udost\u0119pnione <\/b>podmiotom trzecim \u015bwiadcz\u0105cym us\u0142ugi zewn\u0119trzne na rzecz PTK w zakresie niezb\u0119dnym dla realizacji tych us\u0142ug. Podmiotami trzecimi s\u0105 w szczeg\u00f3lno\u015bci dostawca us\u0142ug i system\u00f3w informatycznych, operatorzy pocztowi i kurierzy, podmioty \u015bwiadcz\u0105ce us\u0142ugi consultingowe, prawne, ksi\u0119gowe i audytowe.<span class=\"Apple-converted-space\">\u00a0<\/span><\/p>\n<p class=\"p2\"><span class=\"s2\">VIII. <\/span><b>Osoba, kt\u00f3rej dane osobowe s\u0105 przetwarzane jest uprawniona do:<span class=\"Apple-converted-space\">\u00a0<\/span><\/b><\/p>\n<p class=\"p4\">a. dost\u0119pu do tre\u015bci swoich danych oraz prawo ich sprostowania, uzupe\u0142nienia niekompletnych danych, usuni\u0119cia (prawo do bycia zapomnianym), ograniczenia przetwarzania w sytuacji gdy: (a) kwestionuje Pani\/Pan prawid\u0142owo\u015b\u0107 danych osobowych \u2013 na okres pozwalaj\u0105cy Administratorowi sprawdzi\u0107 prawid\u0142owo\u015b\u0107 tych danych, (b) przetwarzanie jest niezgodne z prawem, a osoba, kt\u00f3rej dane osobowe s\u0105 przetwarzane sprzeciwia si\u0119 usuni\u0119ciu danych osobowych \u017c\u0105daj\u0105c w zamian ograniczenia ich wykorzystywania, (c) Administrator nie potrzebuje ju\u017c danych osobowych dla cel\u00f3w przetwarzania, ale s\u0105 one potrzebne osobie, kt\u00f3rej dane osobowe s\u0105 przetwarzane do ustalania, dochodzenia lub obrony roszcze\u0144; prawo do przenoszenia danych, sprzeciwu wobec przetwarzania, prawo do cofni\u0119cia zgody w dowolnym momencie bez wp\u0142ywu na zgodno\u015b\u0107 z prawem przetwarzania, kt\u00f3rego dokonano na podstawie zgody przed jej cofni\u0119ciem.<span class=\"Apple-converted-space\">\u00a0<\/span><\/p>\n<p class=\"p2\">b. wniesienia skargi do Prezesa Urz\u0119du Ochrony Danych Osobowych gdy uzna Pani\/Pan, i\u017c przetwarzanie danych osobowych Pani\/Pana dotycz\u0105cych narusza przepisy RODO.<span class=\"Apple-converted-space\">\u00a0<\/span><\/p>","protected":false},"excerpt":{"rendered":"<p>Zgodnie z art. 13 ust. 1 i 2 Rozporz\u0105dzenia Parlamentu Europejskiego i Rady (UE) 2016\/679 z dnia 27 kwietnia 2016 roku w sprawie ochrony os\u00f3b fizycznych w zwi\u0105zku z przetwarzaniem danych osobowych i w sprawie swobodnego przep\u0142ywu takich danych oraz uchylenia dyrektywy 95\/46\/WE (og\u00f3lne rozporz\u0105dzenie o ochronie danych) informujemy, \u017ce:\u00a0 I. Administratorem Pani\/Pana danych osobowych [&hellip;]<\/p>","protected":false},"author":6,"featured_media":0,"parent":0,"menu_order":16,"comment_status":"closed","ping_status":"closed","template":"","meta":{"footnotes":""},"class_list":["post-7360","page","type-page","status-publish","hentry"],"_links":{"self":[{"href":"https:\/\/aisn.pl\/en\/wp-json\/wp\/v2\/pages\/7360","targetHints":{"allow":["GET"]}}],"collection":[{"href":"https:\/\/aisn.pl\/en\/wp-json\/wp\/v2\/pages"}],"about":[{"href":"https:\/\/aisn.pl\/en\/wp-json\/wp\/v2\/types\/page"}],"author":[{"embeddable":true,"href":"https:\/\/aisn.pl\/en\/wp-json\/wp\/v2\/users\/6"}],"replies":[{"embeddable":true,"href":"https:\/\/aisn.pl\/en\/wp-json\/wp\/v2\/comments?post=7360"}],"version-history":[{"count":2,"href":"https:\/\/aisn.pl\/en\/wp-json\/wp\/v2\/pages\/7360\/revisions"}],"predecessor-version":[{"id":7364,"href":"https:\/\/aisn.pl\/en\/wp-json\/wp\/v2\/pages\/7360\/revisions\/7364"}],"wp:attachment":[{"href":"https:\/\/aisn.pl\/en\/wp-json\/wp\/v2\/media?parent=7360"}],"curies":[{"name":"wp","href":"https:\/\/api.w.org\/{rel}","templated":true}]}}